{"id":846,"date":"2018-05-04T08:56:12","date_gmt":"2018-05-04T06:56:12","guid":{"rendered":"https:\/\/apartment-piran.com\/\/to-and-from-piran\/"},"modified":"2020-05-20T10:40:16","modified_gmt":"2020-05-20T08:40:16","slug":"von-und-nach-piran","status":"publish","type":"page","link":"https:\/\/apartment-piran.com\/de\/von-und-nach-piran\/","title":{"rendered":"Von und nach Piran"},"content":{"rendered":"<p><div class=\"fusion-fullwidth fullwidth-box fusion-builder-row-1 nonhundred-percent-fullwidth non-hundred-percent-height-scrolling\" style=\"background-color: rgba(255,255,255,0);background-position: center center;background-repeat: no-repeat;padding-top:0px;padding-right:0px;padding-bottom:0px;padding-left:0px;margin-bottom: 0px;margin-top: 0px;border-width: 0px 0px 0px 0px;border-color:#eae9e9;border-style:solid;\" ><div class=\"fusion-builder-row fusion-row\"><div class=\"fusion-layout-column fusion_builder_column fusion-builder-column-0 fusion_builder_column_1_2 1_2 fusion-one-half fusion-column-first\" style=\"width:48%; margin-right: 4%;margin-top:0px;margin-bottom:0px;\"><div class=\"fusion-column-wrapper fusion-flex-column-wrapper-legacy\" style=\"background-position:left top;background-repeat:no-repeat;-webkit-background-size:cover;-moz-background-size:cover;-o-background-size:cover;background-size:cover;padding: 0px 0px 0px 0px;\"><div class=\"fusion-text fusion-text-1\"><p>Wir freuen uns, Ihnen eine hochwertige L\u00f6sung f\u00fcr die Fahrt zwischen verschiedenen Flugh\u00e4fen, Orten zu Wohnungen und zur\u00fcck anbieten zu k\u00f6nnen. Unser erschwingliches Transfer Netz deckt ganz Slowenien und die umliegenden L\u00e4nder ab, was Ihre Ankunft in Piran erheblich erleichtert.<\/p>\n<\/div><div class=\"fusion-align-block\"><a class=\"fusion-button button-3d button-xlarge button-blue button-1 fusion-button-span-yes fusion-animated\" data-animationType=\"rubberBand\" data-animationDuration=\"0.3\" data-animationOffset=\"top-into-view\" target=\"_self\" href=\"https:\/\/www.goopti.com\/de\/hotels\/top-line-apartments\"><span class=\"fusion-button-text\">BUCHEN SIE HIER IHR TRANSFER!<\/span><\/a><\/div><div class=\"fusion-text fusion-text-2\"><p><span style=\"color: #ffffff;\">&#8230;<\/span><\/p>\n<\/div><div class=\"fusion-text fusion-text-3\"><p>Wir bieten die Fahrt nach Piran nach dem Prinzip der Zahlung pro Person an, und bieten:<br \/>\n<strong>Niedrigste Preise<\/strong> &#8211; GoOpti bietet die niedrigsten Preise f\u00fcr eine schnelle, komfortable und angenehme Fahrt zu Ihrem gew\u00e4hlten Ziel, kann auch den Ein oder Ausstieg an\u00a0 Ihrer Privatadresse beinhalten.<br \/>\n<strong>Zuverl\u00e4ssiger Service<\/strong> &#8211; Alle unsere Fahrten sind Garantiert. Wir werden Ihre gekaufte Fahrt niemals stornieren, selbst wenn Sie der einzige Passagier im Fahrzeug sind.<br \/>\n<strong>Freundliches Einkaufssystem<\/strong> &#8211; Ein schnelles und einfaches Online-Einkaufssystem, bei dem Sie Ihre Abfahrts- und Ankunftszeiten an Ihre W\u00fcnsche, Zeit und Situation , \u00a0Ihren Geldbeutel anpassen, und Ihre Fahrt sofort best\u00e4tigen lassen k\u00f6nnen.<br \/>\n<strong>Eine gro\u00dfe Auswahl an Fahrten<\/strong> &#8211; Fahrten werden von Personenkraftwagen, Kleinbussen und Bussen durchgef\u00fchrt. Sie k\u00f6nnen zwischen Gruppen-Shuttle und Privaten Shuttle-Service w\u00e4hlen , oder einen Shuttle-Service nach Ihren Wunsch bestellen.<\/p>\n<\/div><div class=\"fusion-clearfix\"><\/div><\/div><\/div><div class=\"fusion-layout-column fusion_builder_column fusion-builder-column-1 fusion_builder_column_1_2 1_2 fusion-one-half fusion-column-last\" style=\"width:48%;margin-top:0px;margin-bottom:20px;\"><div class=\"fusion-column-wrapper fusion-flex-column-wrapper-legacy\" style=\"background-position:left top;background-repeat:no-repeat;-webkit-background-size:cover;-moz-background-size:cover;-o-background-size:cover;background-size:cover;padding: 0px 0px 0px 0px;\"><style type=\"text\/css\">.fusion-gallery-1 .fusion-gallery-image {border:0px solid #f6f6f6;}<\/style><div class=\"awb-gallery-wrapper awb-gallery-wrapper-1 button-span-no\"><div class=\"fusion-gallery fusion-gallery-container fusion-grid-3 fusion-columns-total-9 fusion-gallery-layout-grid fusion-gallery-1\" style=\"margin:-5px;\"><div style=\"padding:5px;\" class=\"fusion-grid-column fusion-gallery-column fusion-gallery-column-3 hover-type-none\"><div class=\"fusion-gallery-image\"><a href=\"https:\/\/apartment-piran.com\/wp-content\/uploads\/2018\/05\/20140320_A2A3620.jpg\" rel=\"noreferrer\" data-rel=\"iLightbox[gallery_image_1]\" class=\"fusion-lightbox\" target=\"_self\"><img decoding=\"async\" src=\"https:\/\/apartment-piran.com\/wp-content\/uploads\/2018\/05\/20140320_A2A3620-460x295.jpg\" width=\"460\" height=\"295\" alt=\"\" title=\"20140320_A2A3620\" aria-label=\"20140320_A2A3620\" class=\"img-responsive wp-image-754 fusion-gallery-image-size-fixed\"  \/><\/a><\/div><\/div><div style=\"padding:5px;\" class=\"fusion-grid-column fusion-gallery-column fusion-gallery-column-3 hover-type-none\"><div class=\"fusion-gallery-image\"><a href=\"https:\/\/apartment-piran.com\/wp-content\/uploads\/2018\/05\/20140320_A2A3633.jpg\" rel=\"noreferrer\" data-rel=\"iLightbox[gallery_image_1]\" class=\"fusion-lightbox\" target=\"_self\"><img decoding=\"async\" src=\"https:\/\/apartment-piran.com\/wp-content\/uploads\/2018\/05\/20140320_A2A3633-460x295.jpg\" width=\"460\" height=\"295\" alt=\"\" title=\"20140320_A2A3633\" aria-label=\"20140320_A2A3633\" class=\"img-responsive wp-image-761 fusion-gallery-image-size-fixed\"  \/><\/a><\/div><\/div><div style=\"padding:5px;\" class=\"fusion-grid-column fusion-gallery-column fusion-gallery-column-3 hover-type-none\"><div class=\"fusion-gallery-image\"><a href=\"https:\/\/apartment-piran.com\/wp-content\/uploads\/2018\/05\/Van-Piran.jpg\" rel=\"noreferrer\" data-rel=\"iLightbox[gallery_image_1]\" class=\"fusion-lightbox\" target=\"_self\"><img decoding=\"async\" src=\"https:\/\/apartment-piran.com\/wp-content\/uploads\/2018\/05\/Van-Piran-460x295.jpg\" width=\"460\" height=\"295\" alt=\"\" title=\"Van &#8211; Piran\" aria-label=\"Van &#8211; Piran\" class=\"img-responsive wp-image-782 fusion-gallery-image-size-fixed\"  \/><\/a><\/div><\/div><div class=\"clearfix\"><\/div><div style=\"padding:5px;\" class=\"fusion-grid-column fusion-gallery-column fusion-gallery-column-3 hover-type-none\"><div class=\"fusion-gallery-image\"><a href=\"https:\/\/apartment-piran.com\/wp-content\/uploads\/2018\/05\/Van-Presernov-Trg.jpg\" rel=\"noreferrer\" data-rel=\"iLightbox[gallery_image_1]\" class=\"fusion-lightbox\" target=\"_self\"><img decoding=\"async\" src=\"https:\/\/apartment-piran.com\/wp-content\/uploads\/2018\/05\/Van-Presernov-Trg-460x295.jpg\" width=\"460\" height=\"295\" alt=\"\" title=\"Van -Presernov-Trg\" aria-label=\"Van -Presernov-Trg\" class=\"img-responsive wp-image-740 fusion-gallery-image-size-fixed\"  \/><\/a><\/div><\/div><div style=\"padding:5px;\" class=\"fusion-grid-column fusion-gallery-column fusion-gallery-column-3 hover-type-none\"><div class=\"fusion-gallery-image\"><a href=\"https:\/\/apartment-piran.com\/wp-content\/uploads\/2018\/05\/Voznik_parkirisce_small2.jpg\" rel=\"noreferrer\" data-rel=\"iLightbox[gallery_image_1]\" class=\"fusion-lightbox\" target=\"_self\"><img decoding=\"async\" src=\"https:\/\/apartment-piran.com\/wp-content\/uploads\/2018\/05\/Voznik_parkirisce_small2-460x295.jpg\" width=\"460\" height=\"295\" alt=\"\" title=\"Voznik_parkirisce_small2\" aria-label=\"Voznik_parkirisce_small2\" class=\"img-responsive wp-image-747 fusion-gallery-image-size-fixed\"  \/><\/a><\/div><\/div><div style=\"padding:5px;\" class=\"fusion-grid-column fusion-gallery-column fusion-gallery-column-3 hover-type-none\"><div class=\"fusion-gallery-image\"><a href=\"https:\/\/apartment-piran.com\/wp-content\/uploads\/2018\/05\/Van-Ulica.jpg\" rel=\"noreferrer\" data-rel=\"iLightbox[gallery_image_1]\" class=\"fusion-lightbox\" target=\"_self\"><img decoding=\"async\" src=\"https:\/\/apartment-piran.com\/wp-content\/uploads\/2018\/05\/Van-Ulica-460x295.jpg\" width=\"460\" height=\"295\" alt=\"\" title=\"Van &#8211; Ulica\" aria-label=\"Van &#8211; Ulica\" class=\"img-responsive wp-image-796 fusion-gallery-image-size-fixed\"  \/><\/a><\/div><\/div><div class=\"clearfix\"><\/div><div style=\"padding:5px;\" class=\"fusion-grid-column fusion-gallery-column fusion-gallery-column-3 hover-type-none\"><div class=\"fusion-gallery-image\"><a href=\"https:\/\/apartment-piran.com\/wp-content\/uploads\/2018\/05\/Van-Grad.jpg\" rel=\"noreferrer\" data-rel=\"iLightbox[gallery_image_1]\" class=\"fusion-lightbox\" target=\"_self\"><img decoding=\"async\" src=\"https:\/\/apartment-piran.com\/wp-content\/uploads\/2018\/05\/Van-Grad-460x295.jpg\" width=\"460\" height=\"295\" alt=\"\" title=\"Van &#8211; Grad\" aria-label=\"Van &#8211; Grad\" class=\"img-responsive wp-image-775 fusion-gallery-image-size-fixed\"  \/><\/a><\/div><\/div><div style=\"padding:5px;\" class=\"fusion-grid-column fusion-gallery-column fusion-gallery-column-3 hover-type-none\"><div class=\"fusion-gallery-image\"><a href=\"https:\/\/apartment-piran.com\/wp-content\/uploads\/2018\/05\/Van-Stolnica.jpg\" rel=\"noreferrer\" data-rel=\"iLightbox[gallery_image_1]\" class=\"fusion-lightbox\" target=\"_self\"><img decoding=\"async\" src=\"https:\/\/apartment-piran.com\/wp-content\/uploads\/2018\/05\/Van-Stolnica-460x295.jpg\" width=\"460\" height=\"295\" alt=\"\" title=\"Van &#8211; Stolnica\" aria-label=\"Van &#8211; Stolnica\" class=\"img-responsive wp-image-789 fusion-gallery-image-size-fixed\" srcset=\"https:\/\/apartment-piran.com\/wp-content\/uploads\/2018\/05\/Van-Stolnica-200x127.jpg 200w, https:\/\/apartment-piran.com\/wp-content\/uploads\/2018\/05\/Van-Stolnica-460x295.jpg 460w\" sizes=\"(max-width: 460px) 100vw, 460px\" \/><\/a><\/div><\/div><div style=\"padding:5px;\" class=\"fusion-grid-column fusion-gallery-column fusion-gallery-column-3 hover-type-none\"><div class=\"fusion-gallery-image\"><a href=\"https:\/\/apartment-piran.com\/wp-content\/uploads\/2018\/05\/20140320_A2A3829.jpg\" rel=\"noreferrer\" data-rel=\"iLightbox[gallery_image_1]\" class=\"fusion-lightbox\" target=\"_self\"><img decoding=\"async\" src=\"https:\/\/apartment-piran.com\/wp-content\/uploads\/2018\/05\/20140320_A2A3829-460x295.jpg\" width=\"460\" height=\"295\" alt=\"\" title=\"20140320_A2A3829\" aria-label=\"20140320_A2A3829\" class=\"img-responsive wp-image-768 fusion-gallery-image-size-fixed\"  \/><\/a><\/div><\/div><div class=\"clearfix\"><\/div><\/div><\/div><div class=\"fusion-clearfix\"><\/div><\/div><\/div><div class=\"fusion-layout-column fusion_builder_column fusion-builder-column-2 fusion_builder_column_1_2 1_2 fusion-one-half fusion-column-first\" style=\"width:50%;width:calc(50% - ( ( 4% ) * 0.5 ) );margin-right: 4%;margin-top:0px;margin-bottom:20px;\"><div class=\"fusion-column-wrapper fusion-flex-column-wrapper-legacy\" style=\"background-position:left top;background-repeat:no-repeat;-webkit-background-size:cover;-moz-background-size:cover;-o-background-size:cover;background-size:cover;padding: 0px 0px 0px 0px;\"><div class=\"fusion-text fusion-text-4\"><p><strong>GRUPPENFAHRT<\/strong>: Gruppenfahrt-Service ist Unser einzigartiger, kosteng\u00fcnstiger Linienverkehr, bei dem wir Passagiere mit \u00e4hnlichen W\u00fcnschen hinsichtlich Abflug- oder Ankunftszeit im selben Fahrzeug gruppieren: Die gew\u00fcnschte Abflugzeit (oder der Abfahrtszeitrahmen) und der Preis k\u00f6nnen w\u00e4hrend des Kaufvorgangs angepasst werden. Nach dem Kauf \u00e4ndert sich nichts und ist in der Regel niedriger, wenn Sie das Ticket f\u00fcr mehrere Personen vorzeitig kaufen oder wenn Sie Standard-Ein- oder Ausstiegsorte f\u00fcr GoOpti w\u00e4hlen. Die genaue Abfahrtszeit wird am Tag vor der Fahrt festgelegt, und Wir senden sie Ihnen per SMS und E-Mail zu. Der Service beinhaltet nicht die m\u00f6glichkeit, den Wert der Fahrt im Falle einer Stornierung zu erstatten.<\/p>\n<\/div><div class=\"fusion-clearfix\"><\/div><\/div><\/div><div class=\"fusion-layout-column fusion_builder_column fusion-builder-column-3 fusion_builder_column_1_2 1_2 fusion-one-half fusion-column-last\" style=\"width:50%;width:calc(50% - ( ( 4% ) * 0.5 ) );margin-top:0px;margin-bottom:20px;\"><div class=\"fusion-column-wrapper fusion-flex-column-wrapper-legacy\" style=\"background-position:left top;background-repeat:no-repeat;-webkit-background-size:cover;-moz-background-size:cover;-o-background-size:cover;background-size:cover;padding: 0px 0px 0px 0px;\"><div class=\"fusion-text fusion-text-5\"><p><strong>\u00a0PRIVATER TRANSFER<\/strong> &#8211; Privater Transfer ist eine Private Fahrt auf einer Unserer geplanten Routen. Es ist die beste L\u00f6sung f\u00fcr Unternehmen und Privatpersonen, die eine vollst\u00e4ndig private Fahrt zu einem erschwinglichen Preis w\u00fcnschen. Sie geben die genaue Abfahrtszeit im Kaufprozess an und das Programm zeigt Ihnen sofort den endg\u00fcltigen Preis an.<\/p>\n<p>* Wenn Sie sich f\u00fcr eine R\u00fcckgabeoption entscheiden, haben Sie Anspruch auf eine R\u00fcckerstattung im Falle einer Stornierung mindestens 48 Stunden vor der \u00dcberweisung.<\/p>\n<\/div><div class=\"fusion-clearfix\"><\/div><\/div><\/div><\/div><\/div><div class=\"fusion-fullwidth fullwidth-box fusion-builder-row-2 nonhundred-percent-fullwidth non-hundred-percent-height-scrolling\" style=\"background-color: rgba(255,255,255,0);background-position: center center;background-repeat: no-repeat;padding-top:0px;padding-right:0px;padding-bottom:0px;padding-left:0px;margin-bottom: 0px;margin-top: 0px;border-width: 0px 0px 0px 0px;border-color:#eae9e9;border-style:solid;\" ><div class=\"fusion-builder-row fusion-row\"><div class=\"fusion-layout-column fusion_builder_column fusion-builder-column-4 fusion_builder_column_1_3 1_3 fusion-one-third fusion-column-first\" style=\"width:33.333333333333%;width:calc(33.333333333333% - ( ( 4% + 4% ) * 0.33333333333333 ) );margin-right: 4%;margin-top:0px;margin-bottom:20px;\"><div class=\"fusion-column-wrapper fusion-flex-column-wrapper-legacy\" style=\"background-position:left top;background-repeat:no-repeat;-webkit-background-size:cover;-moz-background-size:cover;-o-background-size:cover;background-size:cover;padding: 0px 0px 0px 0px;\"><div class=\"imageframe-align-center\"><span class=\" fusion-imageframe imageframe-glow imageframe-1 hover-type-zoomin fusion-animated\" style=\"border:50px solid #ffffff;-webkit-box-shadow: 0 0 3px rgba(0,0,0,0.3);box-shadow: 0 0 3px rgba(0,0,0,0.3);\" data-animationType=\"bounceInLeft\" data-animationDuration=\"0.3\" data-animationOffset=\"top-into-view\"><img decoding=\"async\" width=\"400\" height=\"200\" title=\"car\" src=\"https:\/\/apartment-piran.com\/\/wp-content\/uploads\/2018\/05\/car-1-400x200.jpg\" alt class=\"img-responsive wp-image-714\" srcset=\"https:\/\/apartment-piran.com\/wp-content\/uploads\/2018\/05\/car-1-200x100.jpg 200w, https:\/\/apartment-piran.com\/wp-content\/uploads\/2018\/05\/car-1-400x200.jpg 400w, https:\/\/apartment-piran.com\/wp-content\/uploads\/2018\/05\/car-1.jpg 501w\" sizes=\"(max-width: 800px) 100vw, 400px\" \/><\/span><\/div><div class=\"fusion-text fusion-text-6\"><p>Piran, die westlichste Stadt an der Slowenischen K\u00fcste, ist gut mit den Stra\u00dfen verbunden, die an Izola und Koper vorbei zum Autobahnkreuz f\u00fchren.<\/p>\n<p>Folgen Sie beim Verlassen der Autobahn (und der Schnellstra\u00dfe oberhalb von Izola) den Schildern von Portoro\u017e \/ Piran.<\/p>\n<\/div><div class=\"fusion-clearfix\"><\/div><\/div><\/div><div class=\"fusion-layout-column fusion_builder_column fusion-builder-column-5 fusion_builder_column_1_3 1_3 fusion-one-third\" style=\"width:33.333333333333%;width:calc(33.333333333333% - ( ( 4% + 4% ) * 0.33333333333333 ) );margin-right: 4%;margin-top:0px;margin-bottom:20px;\"><div class=\"fusion-column-wrapper fusion-flex-column-wrapper-legacy\" style=\"background-position:left top;background-repeat:no-repeat;-webkit-background-size:cover;-moz-background-size:cover;-o-background-size:cover;background-size:cover;padding: 0px 0px 0px 0px;\"><div class=\"imageframe-align-center\"><span class=\" fusion-imageframe imageframe-glow imageframe-2 hover-type-zoomin fusion-animated\" style=\"border:50px solid #ffffff;-webkit-box-shadow: 0 0 3px rgba(0,0,0,0.3);box-shadow: 0 0 3px rgba(0,0,0,0.3);\" data-animationType=\"bounceInLeft\" data-animationDuration=\"0.3\" data-animationOffset=\"top-into-view\"><img decoding=\"async\" width=\"400\" height=\"200\" title=\"train\" src=\"https:\/\/apartment-piran.com\/\/wp-content\/uploads\/2018\/05\/train-1-400x200.jpg\" alt class=\"img-responsive wp-image-686\" srcset=\"https:\/\/apartment-piran.com\/wp-content\/uploads\/2018\/05\/train-1-200x100.jpg 200w, https:\/\/apartment-piran.com\/wp-content\/uploads\/2018\/05\/train-1-400x200.jpg 400w, https:\/\/apartment-piran.com\/wp-content\/uploads\/2018\/05\/train-1.jpg 500w\" sizes=\"(max-width: 800px) 100vw, 400px\" \/><\/span><\/div><div class=\"fusion-text fusion-text-7\"><p>Piran hat keinen eigenen Bahnhof. Die n\u00e4chsten sind in Koper und Triest:<\/p>\n<p>KOPER: Von Koper nach Piran gibt es eine Busverbindung (Arriva Group). Am morgen fahren\u00a0 alle 20 Minuten, am sp\u00e4ten nachmittag alle 30 Minuten die Linienbusse von Arriva Group.<\/p>\n<p>TRIESTE: Zweimal am Tag gibt es eine regelm\u00e4\u00dfige Busverbindung zwischen Piran und Triest.<\/p>\n<\/div><div class=\"fusion-clearfix\"><\/div><\/div><\/div><div class=\"fusion-layout-column fusion_builder_column fusion-builder-column-6 fusion_builder_column_1_3 1_3 fusion-one-third fusion-column-last\" style=\"width:33.333333333333%;width:calc(33.333333333333% - ( ( 4% + 4% ) * 0.33333333333333 ) );margin-top:0px;margin-bottom:20px;\"><div class=\"fusion-column-wrapper fusion-flex-column-wrapper-legacy\" style=\"background-position:left top;background-repeat:no-repeat;-webkit-background-size:cover;-moz-background-size:cover;-o-background-size:cover;background-size:cover;padding: 0px 0px 0px 0px;\"><div class=\"imageframe-align-center\"><span class=\" fusion-imageframe imageframe-glow imageframe-3 hover-type-zoomin fusion-animated\" style=\"border:50px solid #ffffff;-webkit-box-shadow: 0 0 3px rgba(0,0,0,0.3);box-shadow: 0 0 3px rgba(0,0,0,0.3);\" data-animationType=\"bounceInLeft\" data-animationDuration=\"0.3\" data-animationOffset=\"top-into-view\"><img decoding=\"async\" width=\"400\" height=\"200\" title=\"ship\" src=\"https:\/\/apartment-piran.com\/\/wp-content\/uploads\/2018\/05\/ship-1-400x200.jpg\" alt class=\"img-responsive wp-image-721\" srcset=\"https:\/\/apartment-piran.com\/wp-content\/uploads\/2018\/05\/ship-1-200x100.jpg 200w, https:\/\/apartment-piran.com\/wp-content\/uploads\/2018\/05\/ship-1-400x200.jpg 400w, https:\/\/apartment-piran.com\/wp-content\/uploads\/2018\/05\/ship-1.jpg 500w\" sizes=\"(max-width: 800px) 100vw, 400px\" \/><\/span><\/div><div class=\"fusion-text fusion-text-8\"><p>Venedig &#8211; Piran hat w\u00e4hrend der Touristensaison jeden Samstag (Mai bis Oktober) eine Katamaranverbindung nach Venedig. Im Juli und August f\u00e4hrt jeden Donnerstag ein Katamaran von Umag mit kostenlosem Shuttlebus zum Hafen f\u00fcr alle Ticketk\u00e4ufer. Die Reederei ist Venezialines, der exklusive Vertreter f\u00fcr Slowenien ist TOP Line d.o.o. Portoro\u017e.<\/p>\n<p>Triest &#8211; Zwischen Juni und September ist Piran durch den Katamaran Liberty Lines mit Triest verbunden.<\/p>\n<\/div><div class=\"fusion-clearfix\"><\/div><\/div><\/div><div class=\"fusion-layout-column fusion_builder_column fusion-builder-column-7 fusion_builder_column_1_1 1_1 fusion-one-full fusion-column-first fusion-column-last\" style=\"margin-top:0px;margin-bottom:20px;\"><div class=\"fusion-column-wrapper fusion-flex-column-wrapper-legacy\" style=\"background-position:left top;background-repeat:no-repeat;-webkit-background-size:cover;-moz-background-size:cover;-o-background-size:cover;background-size:cover;padding: 0px 0px 0px 0px;\"><div class=\"fusion-sep-clear\"><\/div><div class=\"fusion-separator fusion-full-width-sep\" style=\"margin-left: auto;margin-right: auto;width:100%;\"><div class=\"fusion-separator-border sep-single sep-solid\" style=\"border-color:#e0dede;border-top-width:1px;\"><\/div><\/div><div class=\"fusion-sep-clear\"><\/div><div class=\"fusion-clearfix\"><\/div><\/div><\/div><\/div><\/div><div class=\"fusion-fullwidth fullwidth-box fusion-builder-row-3 nonhundred-percent-fullwidth non-hundred-percent-height-scrolling\" style=\"background-color: rgba(255,255,255,0);background-position: center center;background-repeat: no-repeat;padding-top:0px;padding-right:0px;padding-bottom:0px;padding-left:0px;margin-bottom: 0px;margin-top: 0px;border-width: 0px 0px 0px 0px;border-color:#eae9e9;border-style:solid;\" ><div class=\"fusion-builder-row fusion-row\"><div class=\"fusion-layout-column fusion_builder_column fusion-builder-column-8 fusion_builder_column_1_3 1_3 fusion-one-third fusion-column-first\" style=\"width:33.333333333333%;width:calc(33.333333333333% - ( ( 4% + 4% ) * 0.33333333333333 ) );margin-right: 4%;margin-top:0px;margin-bottom:20px;\"><div class=\"fusion-column-wrapper fusion-flex-column-wrapper-legacy\" style=\"background-position:left top;background-repeat:no-repeat;-webkit-background-size:cover;-moz-background-size:cover;-o-background-size:cover;background-size:cover;padding: 0px 0px 0px 0px;\"><div class=\"imageframe-align-center\"><span class=\" fusion-imageframe imageframe-glow imageframe-4 hover-type-zoomin fusion-animated\" style=\"border:50px solid #ffffff;-webkit-box-shadow: 0 0 3px rgba(0,0,0,0.3);box-shadow: 0 0 3px rgba(0,0,0,0.3);\" data-animationType=\"bounceInLeft\" data-animationDuration=\"0.3\" data-animationOffset=\"top-into-view\"><img decoding=\"async\" width=\"400\" height=\"200\" title=\"air\" src=\"https:\/\/apartment-piran.com\/\/wp-content\/uploads\/2018\/05\/air-1-400x200.jpg\" alt class=\"img-responsive wp-image-693\" srcset=\"https:\/\/apartment-piran.com\/wp-content\/uploads\/2018\/05\/air-1-200x100.jpg 200w, https:\/\/apartment-piran.com\/wp-content\/uploads\/2018\/05\/air-1-400x200.jpg 400w, https:\/\/apartment-piran.com\/wp-content\/uploads\/2018\/05\/air-1.jpg 500w\" sizes=\"(max-width: 800px) 100vw, 400px\" \/><\/span><\/div><div class=\"fusion-text fusion-text-9\"><p>Die Entfernung zwischen Piran und den nahe gelegenen Flugh\u00e4fen betr\u00e4gt:<\/p>\n<p>Flughafen Triest: 80 km (ca. 1 Stunde)<br \/>\nFlughafen Pula: 100 km (ca. 1 Stunde 20 Minuten)<br \/>\nFlughafen Ljubljana: 140 km (ca. 1 Stunde 30 Minuten)<br \/>\nFlughafen Venedig \/ Treviso: 200 km (ca. 2 Stunden)<\/p>\n<\/div><div class=\"fusion-clearfix\"><\/div><\/div><\/div><div class=\"fusion-layout-column fusion_builder_column fusion-builder-column-9 fusion_builder_column_1_3 1_3 fusion-one-third\" style=\"width:33.333333333333%;width:calc(33.333333333333% - ( ( 4% + 4% ) * 0.33333333333333 ) );margin-right: 4%;margin-top:0px;margin-bottom:20px;\"><div class=\"fusion-column-wrapper fusion-flex-column-wrapper-legacy\" style=\"background-position:left top;background-repeat:no-repeat;-webkit-background-size:cover;-moz-background-size:cover;-o-background-size:cover;background-size:cover;padding: 0px 0px 0px 0px;\"><div class=\"imageframe-align-center\"><span class=\" fusion-imageframe imageframe-glow imageframe-5 hover-type-zoomin fusion-animated\" style=\"border:50px solid #ffffff;-webkit-box-shadow: 0 0 3px rgba(0,0,0,0.3);box-shadow: 0 0 3px rgba(0,0,0,0.3);\" data-animationType=\"bounceInLeft\" data-animationDuration=\"0.3\" data-animationOffset=\"top-into-view\"><img decoding=\"async\" width=\"400\" height=\"200\" title=\"bus\" src=\"https:\/\/apartment-piran.com\/\/wp-content\/uploads\/2018\/05\/bus-1-400x200.jpg\" alt class=\"img-responsive wp-image-707\" srcset=\"https:\/\/apartment-piran.com\/wp-content\/uploads\/2018\/05\/bus-1-200x100.jpg 200w, https:\/\/apartment-piran.com\/wp-content\/uploads\/2018\/05\/bus-1-400x200.jpg 400w, https:\/\/apartment-piran.com\/wp-content\/uploads\/2018\/05\/bus-1.jpg 500w\" sizes=\"(max-width: 800px) 100vw, 400px\" \/><\/span><\/div><div class=\"fusion-text fusion-text-10\"><p>Der Busbahnhof in Piran bietet eine Verbindung zu allen St\u00e4dten in Slowenien. Auf der Arriva-Bus-Website finden Sie alle erforderlichen Informationen und Fahrpl\u00e4ne.<\/p>\n<\/div><div class=\"fusion-clearfix\"><\/div><\/div><\/div><div class=\"fusion-layout-column fusion_builder_column fusion-builder-column-10 fusion_builder_column_1_3 1_3 fusion-one-third fusion-column-last\" style=\"width:33.333333333333%;width:calc(33.333333333333% - ( ( 4% + 4% ) * 0.33333333333333 ) );margin-top:0px;margin-bottom:20px;\"><div class=\"fusion-column-wrapper fusion-flex-column-wrapper-legacy\" style=\"background-position:left top;background-repeat:no-repeat;-webkit-background-size:cover;-moz-background-size:cover;-o-background-size:cover;background-size:cover;padding: 0px 0px 0px 0px;\"><div class=\"imageframe-align-center\"><span class=\" fusion-imageframe imageframe-glow imageframe-6 hover-type-zoomin fusion-animated\" style=\"border:50px solid #ffffff;-webkit-box-shadow: 0 0 3px rgba(0,0,0,0.3);box-shadow: 0 0 3px rgba(0,0,0,0.3);\" data-animationType=\"bounceInLeft\" data-animationDuration=\"0.3\" data-animationOffset=\"top-into-view\"><img decoding=\"async\" width=\"400\" height=\"200\" title=\"taxi\" src=\"https:\/\/apartment-piran.com\/\/wp-content\/uploads\/2018\/05\/taxi-1-400x200.jpg\" alt class=\"img-responsive wp-image-679\" srcset=\"https:\/\/apartment-piran.com\/wp-content\/uploads\/2018\/05\/taxi-1-200x100.jpg 200w, https:\/\/apartment-piran.com\/wp-content\/uploads\/2018\/05\/taxi-1-400x200.jpg 400w, https:\/\/apartment-piran.com\/wp-content\/uploads\/2018\/05\/taxi-1.jpg 500w\" sizes=\"(max-width: 800px) 100vw, 400px\" \/><\/span><\/div><div class=\"fusion-text fusion-text-11\"><p>Neben dem Tartini Hauptplatz gibt es eine Haltestelle f\u00fcr TAXI. Wir empfehlen, ein Taxi f\u00fcr k\u00fcrzere Strecken zu mieten, da die Preise mit jedem Kilometer schnell steigen.<\/p>\n<\/div><div class=\"fusion-clearfix\"><\/div><\/div><\/div><div class=\"fusion-layout-column fusion_builder_column fusion-builder-column-11 fusion_builder_column_1_1 1_1 fusion-one-full fusion-column-first fusion-column-last\" style=\"margin-top:0px;margin-bottom:20px;\"><div class=\"fusion-column-wrapper fusion-flex-column-wrapper-legacy\" style=\"background-position:left top;background-repeat:no-repeat;-webkit-background-size:cover;-moz-background-size:cover;-o-background-size:cover;background-size:cover;padding: 0px 0px 0px 0px;\"><div class=\"fusion-sep-clear\"><\/div><div class=\"fusion-separator fusion-full-width-sep\" style=\"margin-left: auto;margin-right: auto;width:100%;\"><div class=\"fusion-separator-border sep-single sep-solid\" style=\"border-color:#e0dede;border-top-width:1px;\"><\/div><\/div><div class=\"fusion-sep-clear\"><\/div><div class=\"fusion-clearfix\"><\/div><\/div><\/div><\/div><\/div><div class=\"fusion-fullwidth fullwidth-box fusion-builder-row-4 nonhundred-percent-fullwidth non-hundred-percent-height-scrolling\" style=\"background-color: rgba(255,255,255,0);background-position: center center;background-repeat: no-repeat;padding-top:0px;padding-right:0px;padding-bottom:0px;padding-left:0px;margin-bottom: 0px;margin-top: 0px;border-width: 0px 0px 0px 0px;border-color:#eae9e9;border-style:solid;\" ><div class=\"fusion-builder-row fusion-row\"><div class=\"fusion-layout-column fusion_builder_column fusion-builder-column-12 fusion_builder_column_1_3 1_3 fusion-one-third fusion-column-first\" style=\"width:33.333333333333%;width:calc(33.333333333333% - ( ( 4% + 4% ) * 0.33333333333333 ) );margin-right: 4%;margin-top:0px;margin-bottom:20px;\"><div class=\"fusion-column-wrapper fusion-flex-column-wrapper-legacy\" style=\"background-position:left top;background-repeat:no-repeat;-webkit-background-size:cover;-moz-background-size:cover;-o-background-size:cover;background-size:cover;padding: 0px 0px 0px 0px;\"><div class=\"imageframe-align-center\"><span class=\" fusion-imageframe imageframe-glow imageframe-7 hover-type-zoomin fusion-animated\" style=\"border:50px solid #ffffff;-webkit-box-shadow: 0 0 3px rgba(0,0,0,0.3);box-shadow: 0 0 3px rgba(0,0,0,0.3);\" data-animationType=\"bounceInLeft\" data-animationDuration=\"0.3\" data-animationOffset=\"top-into-view\"><img decoding=\"async\" width=\"400\" height=\"201\" title=\"parking\" src=\"https:\/\/apartment-piran.com\/\/wp-content\/uploads\/2018\/05\/parking-400x201.jpg\" alt class=\"img-responsive wp-image-731\" srcset=\"https:\/\/apartment-piran.com\/wp-content\/uploads\/2018\/05\/parking-200x100.jpg 200w, https:\/\/apartment-piran.com\/wp-content\/uploads\/2018\/05\/parking-400x201.jpg 400w, https:\/\/apartment-piran.com\/wp-content\/uploads\/2018\/05\/parking.jpg 500w\" sizes=\"(max-width: 800px) 100vw, 400px\" \/><\/span><\/div><div class=\"fusion-clearfix\"><\/div><\/div><\/div><div class=\"fusion-layout-column fusion_builder_column fusion-builder-column-13 fusion_builder_column_1_3 1_3 fusion-one-third\" style=\"width:33.333333333333%;width:calc(33.333333333333% - ( ( 4% + 4% ) * 0.33333333333333 ) );margin-right: 4%;margin-top:0px;margin-bottom:20px;\"><div class=\"fusion-column-wrapper fusion-flex-column-wrapper-legacy\" style=\"background-position:left top;background-repeat:no-repeat;-webkit-background-size:cover;-moz-background-size:cover;-o-background-size:cover;background-size:cover;padding: 0px 0px 0px 0px;\"><div class=\"fusion-text fusion-text-12\"><p>Piran ist eine alte historische Stadt, die lange vor der Invasion dieses Planeten gebaut wurde. Wir freuen uns, die Besucher dar\u00fcber zu informieren, dass unsere Gemeinde der modernen Zeit erfolgreich widersprochen und den Zugang der Stadt zur Stadt stark eingeschr\u00e4nkt hat.<\/p>\n<\/div><div class=\"fusion-text fusion-text-13\"><p>Besucher k\u00f6nnen Piran f\u00fcr kurze Zeit betreten, jedoch nicht kostenlos. Mit Ausnahme von Juli und August haben Besucher 15 Minuten freien Eintritt, und dann kostet jede weitere angefangene Stunde 3 \u20ac (im Juli und August betr\u00e4gt jede angefangene Stunde 5 \u20ac ohne 15 Minuten freien Eintritt).<\/p>\n<\/div><div class=\"fusion-text fusion-text-14\"><p>In diesen 15 Minuten k\u00f6nnen Sie Ihr Gep\u00e4ck zu den Apartments Fahren und Ihr Fahrzeug in eines der beiden Garagenh\u00e4user bringen.(vor der Stadt am Berg).<\/p>\n<\/div><div class=\"fusion-clearfix\"><\/div><\/div><\/div><div class=\"fusion-layout-column fusion_builder_column fusion-builder-column-14 fusion_builder_column_1_3 1_3 fusion-one-third fusion-column-last\" style=\"width:33.333333333333%;width:calc(33.333333333333% - ( ( 4% + 4% ) * 0.33333333333333 ) );margin-top:0px;margin-bottom:20px;\"><div class=\"fusion-column-wrapper fusion-flex-column-wrapper-legacy\" style=\"background-position:left top;background-repeat:no-repeat;-webkit-background-size:cover;-moz-background-size:cover;-o-background-size:cover;background-size:cover;padding: 0px 0px 0px 0px;\"><div class=\"fusion-text fusion-text-15\"><h3><span style=\"color: #0000ff;\">PARKHAUS &#8222;AMFORA&#8220;<\/span><\/h3>\n<p>Es liegt an der Hauptstra\u00dfe zum Eingang von Piran. Der Preis betr\u00e4gt 19 \u20ac pro 24 Stunden und bietet einen kostenlosen Shuttleservice zwischen der Garage und dem Tartini Hauptplatz.<\/p>\n<\/div><div class=\"fusion-text fusion-text-16\"><h3><span style=\"color: #0000ff;\">PARKHAUS &#8222;ARZE&#8220;<\/span><\/h3>\n<p>Das Parkhaus liegt auf einem H\u00fcgel oberhalb von Piran neben dem Stadtfriedhof und kostet 12 \u20ac pro 24 Stunden. Es bietet eine g\u00fcnstigere Parkm\u00f6glichkeit. Es gibt einen kurzen Spaziergang den steilen, asphaltierten Hang hinunter vom Fahrzeug in die Innenstadt und bietet gute Erholung, w\u00e4hrend Sie bergauf zum Fahrzeug gehen m\u00fcssen.(dauert etwas l\u00e4nger).<\/p>\n<\/div><div class=\"fusion-clearfix\"><\/div><\/div><\/div><div class=\"fusion-layout-column fusion_builder_column fusion-builder-column-15 fusion_builder_column_1_1 1_1 fusion-one-full fusion-column-first fusion-column-last\" style=\"margin-top:0px;margin-bottom:20px;\"><div class=\"fusion-column-wrapper fusion-flex-column-wrapper-legacy\" style=\"background-position:left top;background-repeat:no-repeat;-webkit-background-size:cover;-moz-background-size:cover;-o-background-size:cover;background-size:cover;padding: 0px 0px 0px 0px;\"><div class=\"fusion-sep-clear\"><\/div><div class=\"fusion-separator fusion-full-width-sep\" style=\"margin-left: auto;margin-right: auto;width:100%;\"><div class=\"fusion-separator-border sep-single sep-solid\" style=\"border-color:#e0dede;border-top-width:1px;\"><\/div><\/div><div class=\"fusion-sep-clear\"><\/div><div class=\"fusion-clearfix\"><\/div><\/div><\/div><\/div><\/div><\/p>\n","protected":false},"excerpt":{"rendered":"","protected":false},"author":1,"featured_media":0,"parent":0,"menu_order":0,"comment_status":"closed","ping_status":"closed","template":"","meta":{"footnotes":""},"class_list":["post-846","page","type-page","status-publish","hentry"],"yoast_head":"<!-- This site is optimized with the Yoast SEO plugin v27.4 - https:\/\/yoast.com\/product\/yoast-seo-wordpress\/ -->\n<title>Von und nach Piran - Topline Apartments Piran<\/title>\n<meta name=\"robots\" content=\"index, follow, max-snippet:-1, max-image-preview:large, max-video-preview:-1\" \/>\n<link rel=\"canonical\" href=\"https:\/\/apartment-piran.com\/de\/von-und-nach-piran\/\" \/>\n<meta property=\"og:locale\" content=\"de_DE\" \/>\n<meta property=\"og:type\" content=\"article\" \/>\n<meta property=\"og:title\" content=\"Von und nach Piran - Topline Apartments Piran\" \/>\n<meta property=\"og:url\" content=\"https:\/\/apartment-piran.com\/de\/von-und-nach-piran\/\" \/>\n<meta property=\"og:site_name\" content=\"Topline Apartments Piran\" \/>\n<meta property=\"article:modified_time\" content=\"2020-05-20T08:40:16+00:00\" \/>\n<meta name=\"twitter:card\" content=\"summary_large_image\" \/>\n<meta name=\"twitter:label1\" content=\"Gesch\u00e4tzte Lesezeit\" \/>\n\t<meta name=\"twitter:data1\" content=\"18\u00a0Minuten\" \/>\n<script type=\"application\/ld+json\" class=\"yoast-schema-graph\">{\"@context\":\"https:\\\/\\\/schema.org\",\"@graph\":[{\"@type\":\"WebPage\",\"@id\":\"https:\\\/\\\/apartment-piran.com\\\/de\\\/von-und-nach-piran\\\/\",\"url\":\"https:\\\/\\\/apartment-piran.com\\\/de\\\/von-und-nach-piran\\\/\",\"name\":\"Von und nach Piran - Topline Apartments Piran\",\"isPartOf\":{\"@id\":\"https:\\\/\\\/apartment-piran.com\\\/#website\"},\"datePublished\":\"2018-05-04T06:56:12+00:00\",\"dateModified\":\"2020-05-20T08:40:16+00:00\",\"breadcrumb\":{\"@id\":\"https:\\\/\\\/apartment-piran.com\\\/de\\\/von-und-nach-piran\\\/#breadcrumb\"},\"inLanguage\":\"de\",\"potentialAction\":[{\"@type\":\"ReadAction\",\"target\":[\"https:\\\/\\\/apartment-piran.com\\\/de\\\/von-und-nach-piran\\\/\"]}]},{\"@type\":\"BreadcrumbList\",\"@id\":\"https:\\\/\\\/apartment-piran.com\\\/de\\\/von-und-nach-piran\\\/#breadcrumb\",\"itemListElement\":[{\"@type\":\"ListItem\",\"position\":1,\"name\":\"Home\",\"item\":\"https:\\\/\\\/apartment-piran.com\\\/de\\\/\"},{\"@type\":\"ListItem\",\"position\":2,\"name\":\"Von und nach Piran\"}]},{\"@type\":\"WebSite\",\"@id\":\"https:\\\/\\\/apartment-piran.com\\\/#website\",\"url\":\"https:\\\/\\\/apartment-piran.com\\\/\",\"name\":\"Topline Apartments Piran\",\"description\":\"Private accomodation apartments in Piran, Slovenia\",\"potentialAction\":[{\"@type\":\"SearchAction\",\"target\":{\"@type\":\"EntryPoint\",\"urlTemplate\":\"https:\\\/\\\/apartment-piran.com\\\/?s={search_term_string}\"},\"query-input\":{\"@type\":\"PropertyValueSpecification\",\"valueRequired\":true,\"valueName\":\"search_term_string\"}}],\"inLanguage\":\"de\"}]}<\/script>\n<!-- \/ Yoast SEO plugin. -->","yoast_head_json":{"title":"Von und nach Piran - Topline Apartments Piran","robots":{"index":"index","follow":"follow","max-snippet":"max-snippet:-1","max-image-preview":"max-image-preview:large","max-video-preview":"max-video-preview:-1"},"canonical":"https:\/\/apartment-piran.com\/de\/von-und-nach-piran\/","og_locale":"de_DE","og_type":"article","og_title":"Von und nach Piran - Topline Apartments Piran","og_url":"https:\/\/apartment-piran.com\/de\/von-und-nach-piran\/","og_site_name":"Topline Apartments Piran","article_modified_time":"2020-05-20T08:40:16+00:00","twitter_card":"summary_large_image","twitter_misc":{"Gesch\u00e4tzte Lesezeit":"18\u00a0Minuten"},"schema":{"@context":"https:\/\/schema.org","@graph":[{"@type":"WebPage","@id":"https:\/\/apartment-piran.com\/de\/von-und-nach-piran\/","url":"https:\/\/apartment-piran.com\/de\/von-und-nach-piran\/","name":"Von und nach Piran - Topline Apartments Piran","isPartOf":{"@id":"https:\/\/apartment-piran.com\/#website"},"datePublished":"2018-05-04T06:56:12+00:00","dateModified":"2020-05-20T08:40:16+00:00","breadcrumb":{"@id":"https:\/\/apartment-piran.com\/de\/von-und-nach-piran\/#breadcrumb"},"inLanguage":"de","potentialAction":[{"@type":"ReadAction","target":["https:\/\/apartment-piran.com\/de\/von-und-nach-piran\/"]}]},{"@type":"BreadcrumbList","@id":"https:\/\/apartment-piran.com\/de\/von-und-nach-piran\/#breadcrumb","itemListElement":[{"@type":"ListItem","position":1,"name":"Home","item":"https:\/\/apartment-piran.com\/de\/"},{"@type":"ListItem","position":2,"name":"Von und nach Piran"}]},{"@type":"WebSite","@id":"https:\/\/apartment-piran.com\/#website","url":"https:\/\/apartment-piran.com\/","name":"Topline Apartments Piran","description":"Private accomodation apartments in Piran, Slovenia","potentialAction":[{"@type":"SearchAction","target":{"@type":"EntryPoint","urlTemplate":"https:\/\/apartment-piran.com\/?s={search_term_string}"},"query-input":{"@type":"PropertyValueSpecification","valueRequired":true,"valueName":"search_term_string"}}],"inLanguage":"de"}]}},"_links":{"self":[{"href":"https:\/\/apartment-piran.com\/de\/wp-json\/wp\/v2\/pages\/846","targetHints":{"allow":["GET"]}}],"collection":[{"href":"https:\/\/apartment-piran.com\/de\/wp-json\/wp\/v2\/pages"}],"about":[{"href":"https:\/\/apartment-piran.com\/de\/wp-json\/wp\/v2\/types\/page"}],"author":[{"embeddable":true,"href":"https:\/\/apartment-piran.com\/de\/wp-json\/wp\/v2\/users\/1"}],"replies":[{"embeddable":true,"href":"https:\/\/apartment-piran.com\/de\/wp-json\/wp\/v2\/comments?post=846"}],"version-history":[{"count":12,"href":"https:\/\/apartment-piran.com\/de\/wp-json\/wp\/v2\/pages\/846\/revisions"}],"predecessor-version":[{"id":3011,"href":"https:\/\/apartment-piran.com\/de\/wp-json\/wp\/v2\/pages\/846\/revisions\/3011"}],"wp:attachment":[{"href":"https:\/\/apartment-piran.com\/de\/wp-json\/wp\/v2\/media?parent=846"}],"curies":[{"name":"wp","href":"https:\/\/api.w.org\/{rel}","templated":true}]}}