{"id":2675,"date":"2020-03-25T09:49:05","date_gmt":"2020-03-25T08:49:05","guid":{"rendered":"https:\/\/apartment-piran.com\/\/?page_id=2675"},"modified":"2020-05-20T10:38:49","modified_gmt":"2020-05-20T08:38:49","slug":"da-e-per-pirano","status":"publish","type":"page","link":"https:\/\/apartment-piran.com\/it\/da-e-per-pirano\/","title":{"rendered":"Da e per Pirano"},"content":{"rendered":"<p><div class=\"fusion-fullwidth fullwidth-box fusion-builder-row-1 nonhundred-percent-fullwidth non-hundred-percent-height-scrolling\" style=\"background-color: rgba(255,255,255,0);background-position: center center;background-repeat: no-repeat;padding-top:0px;padding-right:0px;padding-bottom:0px;padding-left:0px;margin-bottom: 0px;margin-top: 0px;border-width: 0px 0px 0px 0px;border-color:#eae9e9;border-style:solid;\" ><div class=\"fusion-builder-row fusion-row\"><div class=\"fusion-layout-column fusion_builder_column fusion-builder-column-0 fusion_builder_column_1_2 1_2 fusion-one-half fusion-column-first\" style=\"width:48%; margin-right: 4%;margin-top:0px;margin-bottom:0px;\"><div class=\"fusion-column-wrapper fusion-flex-column-wrapper-legacy\" style=\"background-position:left top;background-repeat:no-repeat;-webkit-background-size:cover;-moz-background-size:cover;-o-background-size:cover;background-size:cover;padding: 0px 0px 0px 0px;\"><div class=\"fusion-text fusion-text-1\"><p>Siamo lieti di offrirti una soluzione di qualit\u00e0 per il trasferimento tra diversi aeroporti, luoghi per appartamenti e ritorno. La nostra rete di trasporti a prezzi low-cost copre l&#8217;intera Slovenia e i paesi vicini, il che facilita notevolmente il tuo arrivo a Pirano.<\/p>\n<\/div><div class=\"fusion-align-block\"><a class=\"fusion-button button-3d button-xlarge button-blue button-1 fusion-button-span-yes fusion-animated\" data-animationType=\"rubberBand\" data-animationDuration=\"0.3\" data-animationOffset=\"top-into-view\" target=\"_self\" href=\"https:\/\/www.goopti.com\/it\/hotels\/top-line-apartments\"><span class=\"fusion-button-text\">PRENOTA QUI LA TUA SPEDIZIONE PRIVATA O DI GRUPPO<\/span><\/a><\/div><div class=\"fusion-text fusion-text-2\"><p><span style=\"color: #ffffff;\">&#8230;<\/span><\/p>\n<\/div><div class=\"fusion-text fusion-text-3\"><p>Offriamo il trasporto a Pirano secondo il principio del pagamento a persona e forniamo:<br \/>\n<strong>Prezzi pi\u00f9 bassi<\/strong> &#8211; GoOpti offre i prezzi low-cost per un viaggio rapido, comodo e divertente verso la destinazione prescelta, che pu\u00f2 includere anche il pick-up all&#8217;indirizzo di casa.<br \/>\n<strong>Servizio affidabile<\/strong> &#8211; Tutti i nostri trasporti sono garantiti. Non annulleremo mai il trasporto acquistato anche se siete l&#8217;unico passeggero del veicolo.<br \/>\n<strong>Sistema di acquisto intuitivo<\/strong> &#8211; un sistema di prenotazione-acquisto online semplice e veloce in cui \u00e8 possibile personalizzare gli orari di partenza e di arrivo in base alle proprie preferenze, orario e situazione nel proprio portafoglio e ottenere la conferma del trasporto all&#8217;istante.<br \/>\n<strong>Ampia scelta di trasporti<\/strong> &#8211; i trasporti vengono effettuati da autovetture, minibus e autobus. Puoi scegliere tra Group Shuttle (Trasporto di gruppo) o Private Shuttle Service (Trasporto privato) o ordinare un servizio navetta personalizzato.<\/p>\n<\/div><div class=\"fusion-clearfix\"><\/div><\/div><\/div><div class=\"fusion-layout-column fusion_builder_column fusion-builder-column-1 fusion_builder_column_1_2 1_2 fusion-one-half fusion-column-last\" style=\"width:48%;margin-top:0px;margin-bottom:20px;\"><div class=\"fusion-column-wrapper fusion-flex-column-wrapper-legacy\" style=\"background-position:left top;background-repeat:no-repeat;-webkit-background-size:cover;-moz-background-size:cover;-o-background-size:cover;background-size:cover;padding: 0px 0px 0px 0px;\"><style type=\"text\/css\">.fusion-gallery-1 .fusion-gallery-image {border:0px solid #f6f6f6;}<\/style><div class=\"awb-gallery-wrapper awb-gallery-wrapper-1 button-span-no\"><div class=\"fusion-gallery fusion-gallery-container fusion-grid-3 fusion-columns-total-9 fusion-gallery-layout-grid fusion-gallery-1\" style=\"margin:-5px;\"><div style=\"padding:5px;\" class=\"fusion-grid-column fusion-gallery-column fusion-gallery-column-3 hover-type-none\"><div class=\"fusion-gallery-image\"><a href=\"https:\/\/apartment-piran.com\/wp-content\/uploads\/2018\/05\/20140320_A2A3620.jpg\" rel=\"noreferrer\" data-rel=\"iLightbox[gallery_image_1]\" class=\"fusion-lightbox\" target=\"_self\"><img decoding=\"async\" src=\"https:\/\/apartment-piran.com\/wp-content\/uploads\/2018\/05\/20140320_A2A3620-460x295.jpg\" width=\"460\" height=\"295\" alt=\"\" title=\"20140320_A2A3620\" aria-label=\"20140320_A2A3620\" class=\"img-responsive wp-image-754 fusion-gallery-image-size-fixed\"  \/><\/a><\/div><\/div><div style=\"padding:5px;\" class=\"fusion-grid-column fusion-gallery-column fusion-gallery-column-3 hover-type-none\"><div class=\"fusion-gallery-image\"><a href=\"https:\/\/apartment-piran.com\/wp-content\/uploads\/2018\/05\/20140320_A2A3633.jpg\" rel=\"noreferrer\" data-rel=\"iLightbox[gallery_image_1]\" class=\"fusion-lightbox\" target=\"_self\"><img decoding=\"async\" src=\"https:\/\/apartment-piran.com\/wp-content\/uploads\/2018\/05\/20140320_A2A3633-460x295.jpg\" width=\"460\" height=\"295\" alt=\"\" title=\"20140320_A2A3633\" aria-label=\"20140320_A2A3633\" class=\"img-responsive wp-image-761 fusion-gallery-image-size-fixed\"  \/><\/a><\/div><\/div><div style=\"padding:5px;\" class=\"fusion-grid-column fusion-gallery-column fusion-gallery-column-3 hover-type-none\"><div class=\"fusion-gallery-image\"><a href=\"https:\/\/apartment-piran.com\/wp-content\/uploads\/2018\/05\/Van-Piran.jpg\" rel=\"noreferrer\" data-rel=\"iLightbox[gallery_image_1]\" class=\"fusion-lightbox\" target=\"_self\"><img decoding=\"async\" src=\"https:\/\/apartment-piran.com\/wp-content\/uploads\/2018\/05\/Van-Piran-460x295.jpg\" width=\"460\" height=\"295\" alt=\"\" title=\"Van &#8211; Piran\" aria-label=\"Van &#8211; Piran\" class=\"img-responsive wp-image-782 fusion-gallery-image-size-fixed\"  \/><\/a><\/div><\/div><div class=\"clearfix\"><\/div><div style=\"padding:5px;\" class=\"fusion-grid-column fusion-gallery-column fusion-gallery-column-3 hover-type-none\"><div class=\"fusion-gallery-image\"><a href=\"https:\/\/apartment-piran.com\/wp-content\/uploads\/2018\/05\/Van-Presernov-Trg.jpg\" rel=\"noreferrer\" data-rel=\"iLightbox[gallery_image_1]\" class=\"fusion-lightbox\" target=\"_self\"><img decoding=\"async\" src=\"https:\/\/apartment-piran.com\/wp-content\/uploads\/2018\/05\/Van-Presernov-Trg-460x295.jpg\" width=\"460\" height=\"295\" alt=\"\" title=\"Van -Presernov-Trg\" aria-label=\"Van -Presernov-Trg\" class=\"img-responsive wp-image-740 fusion-gallery-image-size-fixed\"  \/><\/a><\/div><\/div><div style=\"padding:5px;\" class=\"fusion-grid-column fusion-gallery-column fusion-gallery-column-3 hover-type-none\"><div class=\"fusion-gallery-image\"><a href=\"https:\/\/apartment-piran.com\/wp-content\/uploads\/2018\/05\/Voznik_parkirisce_small2.jpg\" rel=\"noreferrer\" data-rel=\"iLightbox[gallery_image_1]\" class=\"fusion-lightbox\" target=\"_self\"><img decoding=\"async\" src=\"https:\/\/apartment-piran.com\/wp-content\/uploads\/2018\/05\/Voznik_parkirisce_small2-460x295.jpg\" width=\"460\" height=\"295\" alt=\"\" title=\"Voznik_parkirisce_small2\" aria-label=\"Voznik_parkirisce_small2\" class=\"img-responsive wp-image-747 fusion-gallery-image-size-fixed\"  \/><\/a><\/div><\/div><div style=\"padding:5px;\" class=\"fusion-grid-column fusion-gallery-column fusion-gallery-column-3 hover-type-none\"><div class=\"fusion-gallery-image\"><a href=\"https:\/\/apartment-piran.com\/wp-content\/uploads\/2018\/05\/Van-Ulica.jpg\" rel=\"noreferrer\" data-rel=\"iLightbox[gallery_image_1]\" class=\"fusion-lightbox\" target=\"_self\"><img decoding=\"async\" src=\"https:\/\/apartment-piran.com\/wp-content\/uploads\/2018\/05\/Van-Ulica-460x295.jpg\" width=\"460\" height=\"295\" alt=\"\" title=\"Van &#8211; Ulica\" aria-label=\"Van &#8211; Ulica\" class=\"img-responsive wp-image-796 fusion-gallery-image-size-fixed\"  \/><\/a><\/div><\/div><div class=\"clearfix\"><\/div><div style=\"padding:5px;\" class=\"fusion-grid-column fusion-gallery-column fusion-gallery-column-3 hover-type-none\"><div class=\"fusion-gallery-image\"><a href=\"https:\/\/apartment-piran.com\/wp-content\/uploads\/2018\/05\/Van-Grad.jpg\" rel=\"noreferrer\" data-rel=\"iLightbox[gallery_image_1]\" class=\"fusion-lightbox\" target=\"_self\"><img decoding=\"async\" src=\"https:\/\/apartment-piran.com\/wp-content\/uploads\/2018\/05\/Van-Grad-460x295.jpg\" width=\"460\" height=\"295\" alt=\"\" title=\"Van &#8211; Grad\" aria-label=\"Van &#8211; Grad\" class=\"img-responsive wp-image-775 fusion-gallery-image-size-fixed\"  \/><\/a><\/div><\/div><div style=\"padding:5px;\" class=\"fusion-grid-column fusion-gallery-column fusion-gallery-column-3 hover-type-none\"><div class=\"fusion-gallery-image\"><a href=\"https:\/\/apartment-piran.com\/wp-content\/uploads\/2018\/05\/Van-Stolnica.jpg\" rel=\"noreferrer\" data-rel=\"iLightbox[gallery_image_1]\" class=\"fusion-lightbox\" target=\"_self\"><img decoding=\"async\" src=\"https:\/\/apartment-piran.com\/wp-content\/uploads\/2018\/05\/Van-Stolnica-460x295.jpg\" width=\"460\" height=\"295\" alt=\"\" title=\"Van &#8211; Stolnica\" aria-label=\"Van &#8211; Stolnica\" class=\"img-responsive wp-image-789 fusion-gallery-image-size-fixed\" srcset=\"https:\/\/apartment-piran.com\/wp-content\/uploads\/2018\/05\/Van-Stolnica-200x127.jpg 200w, https:\/\/apartment-piran.com\/wp-content\/uploads\/2018\/05\/Van-Stolnica-460x295.jpg 460w\" sizes=\"(max-width: 460px) 100vw, 460px\" \/><\/a><\/div><\/div><div style=\"padding:5px;\" class=\"fusion-grid-column fusion-gallery-column fusion-gallery-column-3 hover-type-none\"><div class=\"fusion-gallery-image\"><a href=\"https:\/\/apartment-piran.com\/wp-content\/uploads\/2018\/05\/20140320_A2A3829.jpg\" rel=\"noreferrer\" data-rel=\"iLightbox[gallery_image_1]\" class=\"fusion-lightbox\" target=\"_self\"><img decoding=\"async\" src=\"https:\/\/apartment-piran.com\/wp-content\/uploads\/2018\/05\/20140320_A2A3829-460x295.jpg\" width=\"460\" height=\"295\" alt=\"\" title=\"20140320_A2A3829\" aria-label=\"20140320_A2A3829\" class=\"img-responsive wp-image-768 fusion-gallery-image-size-fixed\"  \/><\/a><\/div><\/div><div class=\"clearfix\"><\/div><\/div><\/div><div class=\"fusion-clearfix\"><\/div><\/div><\/div><div class=\"fusion-layout-column fusion_builder_column fusion-builder-column-2 fusion_builder_column_1_2 1_2 fusion-one-half fusion-column-first\" style=\"width:50%;width:calc(50% - ( ( 4% ) * 0.5 ) );margin-right: 4%;margin-top:0px;margin-bottom:20px;\"><div class=\"fusion-column-wrapper fusion-flex-column-wrapper-legacy\" style=\"background-position:left top;background-repeat:no-repeat;-webkit-background-size:cover;-moz-background-size:cover;-o-background-size:cover;background-size:cover;padding: 0px 0px 0px 0px;\"><div class=\"fusion-text fusion-text-4\"><p><strong>TRASPORTO DI GRUPPO<\/strong>: il trasporto condiviso e il nostro esclusivo servizio di linea programmato a basso costo, in cui raggruppiamo passeggeri con desideri simili per quanto riguarda l&#8217;orario di partenza o di arrivo nello stesso veicolo: l&#8217;orario di partenza desiderato (o il tempo di partenza) e il prezzo possono essere regolati durante il processo di acquisto, dopo l&#8217;acquisto non cambia ed \u00e8 generalmente inferiore se si acquista il biglietto in anticipo, per pi\u00f9 persone o se si scelgono le posizioni di entrata o uscita GoOpti standard (stazioni Bus o altri punti GoOpti presso i aeroporti) , l&#8217;orario di partenza esatto viene determinato il giorno prima del trasporto e lo invieremo via SMS ed e-mail lasciati all momento della prenotazione. Il servizio non include la possibilit\u00e0 di rimborsare il valore del trasporto in caso di cancellazione.<\/p>\n<\/div><div class=\"fusion-clearfix\"><\/div><\/div><\/div><div class=\"fusion-layout-column fusion_builder_column fusion-builder-column-3 fusion_builder_column_1_2 1_2 fusion-one-half fusion-column-last\" style=\"width:50%;width:calc(50% - ( ( 4% ) * 0.5 ) );margin-top:0px;margin-bottom:20px;\"><div class=\"fusion-column-wrapper fusion-flex-column-wrapper-legacy\" style=\"background-position:left top;background-repeat:no-repeat;-webkit-background-size:cover;-moz-background-size:cover;-o-background-size:cover;background-size:cover;padding: 0px 0px 0px 0px;\"><div class=\"fusion-text fusion-text-5\"><p><strong>TRASPORTO PRIVATO<\/strong> &#8211; E il trasporto privato su uno dei nostri percorsi di linea. \u00c8 la migliore soluzione per aziende e privati che desiderano un giro completamente privato senza altri passeggeri a un prezzo accessibile. Si specifica l&#8217;orario esatto di partenza nel processo di acquisto e il programma mostra immediatamente la tariffa finale.<\/p>\n<p>* Se scegli un&#8217;opzione di reso, hai diritto a un rimborso in caso di cancellazione almeno 48 ore prima del trasferimento.<\/p>\n<\/div><div class=\"fusion-clearfix\"><\/div><\/div><\/div><\/div><\/div><div class=\"fusion-fullwidth fullwidth-box fusion-builder-row-2 nonhundred-percent-fullwidth non-hundred-percent-height-scrolling\" style=\"background-color: rgba(255,255,255,0);background-position: center center;background-repeat: no-repeat;padding-top:0px;padding-right:0px;padding-bottom:0px;padding-left:0px;margin-bottom: 0px;margin-top: 0px;border-width: 0px 0px 0px 0px;border-color:#eae9e9;border-style:solid;\" ><div class=\"fusion-builder-row fusion-row\"><div class=\"fusion-layout-column fusion_builder_column fusion-builder-column-4 fusion_builder_column_1_3 1_3 fusion-one-third fusion-column-first\" style=\"width:33.333333333333%;width:calc(33.333333333333% - ( ( 4% + 4% ) * 0.33333333333333 ) );margin-right: 4%;margin-top:0px;margin-bottom:20px;\"><div class=\"fusion-column-wrapper fusion-flex-column-wrapper-legacy\" style=\"background-position:left top;background-repeat:no-repeat;-webkit-background-size:cover;-moz-background-size:cover;-o-background-size:cover;background-size:cover;padding: 0px 0px 0px 0px;\"><div class=\"imageframe-align-center\"><span class=\" fusion-imageframe imageframe-glow imageframe-1 hover-type-zoomin fusion-animated\" style=\"border:50px solid #ffffff;-webkit-box-shadow: 0 0 3px rgba(0,0,0,0.3);box-shadow: 0 0 3px rgba(0,0,0,0.3);\" data-animationType=\"bounceInLeft\" data-animationDuration=\"0.3\" data-animationOffset=\"top-into-view\"><img decoding=\"async\" width=\"400\" height=\"200\" title=\"car\" src=\"https:\/\/apartment-piran.com\/\/wp-content\/uploads\/2018\/05\/car-1-400x200.jpg\" alt class=\"img-responsive wp-image-716\" srcset=\"https:\/\/apartment-piran.com\/wp-content\/uploads\/2018\/05\/car-1-200x100.jpg 200w, https:\/\/apartment-piran.com\/wp-content\/uploads\/2018\/05\/car-1-400x200.jpg 400w, https:\/\/apartment-piran.com\/wp-content\/uploads\/2018\/05\/car-1.jpg 501w\" sizes=\"(max-width: 800px) 100vw, 400px\" \/><\/span><\/div><div class=\"fusion-text fusion-text-6\"><p>Pirano, la citt\u00e0 pi\u00f9 occidentale della costa slovena \u00e8 ben collegata alle strade che attraversano Izola e Capodistria fino all&#8217;incrocio autostradale.<\/p>\n<p>All&#8217;uscita dall&#8217;autostrada sopra Isola, seguire le indicazioni per Portorose \/ Pirano.<\/p>\n<\/div><div class=\"fusion-clearfix\"><\/div><\/div><\/div><div class=\"fusion-layout-column fusion_builder_column fusion-builder-column-5 fusion_builder_column_1_3 1_3 fusion-one-third\" style=\"width:33.333333333333%;width:calc(33.333333333333% - ( ( 4% + 4% ) * 0.33333333333333 ) );margin-right: 4%;margin-top:0px;margin-bottom:20px;\"><div class=\"fusion-column-wrapper fusion-flex-column-wrapper-legacy\" style=\"background-position:left top;background-repeat:no-repeat;-webkit-background-size:cover;-moz-background-size:cover;-o-background-size:cover;background-size:cover;padding: 0px 0px 0px 0px;\"><div class=\"imageframe-align-center\"><span class=\" fusion-imageframe imageframe-glow imageframe-2 hover-type-zoomin fusion-animated\" style=\"border:50px solid #ffffff;-webkit-box-shadow: 0 0 3px rgba(0,0,0,0.3);box-shadow: 0 0 3px rgba(0,0,0,0.3);\" data-animationType=\"bounceInLeft\" data-animationDuration=\"0.3\" data-animationOffset=\"top-into-view\"><img decoding=\"async\" width=\"400\" height=\"200\" title=\"train\" src=\"https:\/\/apartment-piran.com\/\/wp-content\/uploads\/2018\/05\/train-1-400x200.jpg\" alt class=\"img-responsive wp-image-688\" srcset=\"https:\/\/apartment-piran.com\/wp-content\/uploads\/2018\/05\/train-1-200x100.jpg 200w, https:\/\/apartment-piran.com\/wp-content\/uploads\/2018\/05\/train-1-400x200.jpg 400w, https:\/\/apartment-piran.com\/wp-content\/uploads\/2018\/05\/train-1.jpg 500w\" sizes=\"(max-width: 800px) 100vw, 400px\" \/><\/span><\/div><div class=\"fusion-text fusion-text-7\"><p>Pirano non ha una propria stazione ferroviaria. Il treno arriva fino a Trieste (via Italia) e a Capodistria (via Slovenia):<\/p>\n<p>KOPER- CAPODISTRIA: Da Capodistria a Pirano esiste un collegamento autobus di linea (vettore Arriva). Al mattino passa ogni 20 minuti, nel tardo pomeriggio ogni 30 minuti.<\/p>\n<p>TRIESTE: Due volte al giorno c&#8217;\u00e8 un regolare servizio di autobus tra Pirano e Trieste.<\/p>\n<\/div><div class=\"fusion-clearfix\"><\/div><\/div><\/div><div class=\"fusion-layout-column fusion_builder_column fusion-builder-column-6 fusion_builder_column_1_3 1_3 fusion-one-third fusion-column-last\" style=\"width:33.333333333333%;width:calc(33.333333333333% - ( ( 4% + 4% ) * 0.33333333333333 ) );margin-top:0px;margin-bottom:20px;\"><div class=\"fusion-column-wrapper fusion-flex-column-wrapper-legacy\" style=\"background-position:left top;background-repeat:no-repeat;-webkit-background-size:cover;-moz-background-size:cover;-o-background-size:cover;background-size:cover;padding: 0px 0px 0px 0px;\"><div class=\"imageframe-align-center\"><span class=\" fusion-imageframe imageframe-glow imageframe-3 hover-type-zoomin fusion-animated\" style=\"border:50px solid #ffffff;-webkit-box-shadow: 0 0 3px rgba(0,0,0,0.3);box-shadow: 0 0 3px rgba(0,0,0,0.3);\" data-animationType=\"bounceInLeft\" data-animationDuration=\"0.3\" data-animationOffset=\"top-into-view\"><img decoding=\"async\" width=\"400\" height=\"200\" title=\"ship\" src=\"https:\/\/apartment-piran.com\/\/wp-content\/uploads\/2018\/05\/ship-1-400x200.jpg\" alt class=\"img-responsive wp-image-723\" srcset=\"https:\/\/apartment-piran.com\/wp-content\/uploads\/2018\/05\/ship-1-200x100.jpg 200w, https:\/\/apartment-piran.com\/wp-content\/uploads\/2018\/05\/ship-1-400x200.jpg 400w, https:\/\/apartment-piran.com\/wp-content\/uploads\/2018\/05\/ship-1.jpg 500w\" sizes=\"(max-width: 800px) 100vw, 400px\" \/><\/span><\/div><div class=\"fusion-text fusion-text-8\"><p>VENEZIA &#8211; Pirano ha un collegamento con catamarano veloce con Venezia durante la stagione turistica ogni sabato (tra maggio e ottobre). A luglio e agosto, un catamarano salpa da Umago ogni gioved\u00ec, con un servizio navetta gratuito per il porto per tutti gli acquirenti di biglietti. La compagnia di navigazione \u00e8 Venezialines, l&#8217;agente esclusivo per la Slovenia \u00e8 TOP Line d.o.o. Portorose.<\/p>\n<p>TRIESTE &#8211; Tra giugno e settembre, Pirano \u00e8 collegato con Trieste dal catamarano della Liberty Lines.<\/p>\n<\/div><div class=\"fusion-clearfix\"><\/div><\/div><\/div><div class=\"fusion-layout-column fusion_builder_column fusion-builder-column-7 fusion_builder_column_1_1 1_1 fusion-one-full fusion-column-first fusion-column-last\" style=\"margin-top:0px;margin-bottom:20px;\"><div class=\"fusion-column-wrapper fusion-flex-column-wrapper-legacy\" style=\"background-position:left top;background-repeat:no-repeat;-webkit-background-size:cover;-moz-background-size:cover;-o-background-size:cover;background-size:cover;padding: 0px 0px 0px 0px;\"><div class=\"fusion-sep-clear\"><\/div><div class=\"fusion-separator fusion-full-width-sep\" style=\"margin-left: auto;margin-right: auto;width:100%;\"><div class=\"fusion-separator-border sep-single sep-solid\" style=\"border-color:#e0dede;border-top-width:1px;\"><\/div><\/div><div class=\"fusion-sep-clear\"><\/div><div class=\"fusion-clearfix\"><\/div><\/div><\/div><\/div><\/div><div class=\"fusion-fullwidth fullwidth-box fusion-builder-row-3 nonhundred-percent-fullwidth non-hundred-percent-height-scrolling\" style=\"background-color: rgba(255,255,255,0);background-position: center center;background-repeat: no-repeat;padding-top:0px;padding-right:0px;padding-bottom:0px;padding-left:0px;margin-bottom: 0px;margin-top: 0px;border-width: 0px 0px 0px 0px;border-color:#eae9e9;border-style:solid;\" ><div class=\"fusion-builder-row fusion-row\"><div class=\"fusion-layout-column fusion_builder_column fusion-builder-column-8 fusion_builder_column_1_3 1_3 fusion-one-third fusion-column-first\" style=\"width:33.333333333333%;width:calc(33.333333333333% - ( ( 4% + 4% ) * 0.33333333333333 ) );margin-right: 4%;margin-top:0px;margin-bottom:20px;\"><div class=\"fusion-column-wrapper fusion-flex-column-wrapper-legacy\" style=\"background-position:left top;background-repeat:no-repeat;-webkit-background-size:cover;-moz-background-size:cover;-o-background-size:cover;background-size:cover;padding: 0px 0px 0px 0px;\"><div class=\"imageframe-align-center\"><span class=\" fusion-imageframe imageframe-glow imageframe-4 hover-type-zoomin fusion-animated\" style=\"border:50px solid #ffffff;-webkit-box-shadow: 0 0 3px rgba(0,0,0,0.3);box-shadow: 0 0 3px rgba(0,0,0,0.3);\" data-animationType=\"bounceInLeft\" data-animationDuration=\"0.3\" data-animationOffset=\"top-into-view\"><img decoding=\"async\" width=\"400\" height=\"200\" title=\"air\" src=\"https:\/\/apartment-piran.com\/\/wp-content\/uploads\/2018\/05\/air-1-400x200.jpg\" alt class=\"img-responsive wp-image-695\" srcset=\"https:\/\/apartment-piran.com\/wp-content\/uploads\/2018\/05\/air-1-200x100.jpg 200w, https:\/\/apartment-piran.com\/wp-content\/uploads\/2018\/05\/air-1-400x200.jpg 400w, https:\/\/apartment-piran.com\/wp-content\/uploads\/2018\/05\/air-1.jpg 500w\" sizes=\"(max-width: 800px) 100vw, 400px\" \/><\/span><\/div><div class=\"fusion-text fusion-text-9\"><p>Distanza tra Pirano e aeroporti vicini \u00e8:<\/p>\n<p>Aeroporto di Trieste: 80 km (circa 1h)<br \/>\nAeroporto di Pola: 100 km (circa 1h 20min)<br \/>\nAeroporto di Lubiana: 140 km (circa 1h 30min)<br \/>\nAeroporto di Venezia \/ Treviso: 200 km (circa 2h)<\/p>\n<\/div><div class=\"fusion-clearfix\"><\/div><\/div><\/div><div class=\"fusion-layout-column fusion_builder_column fusion-builder-column-9 fusion_builder_column_1_3 1_3 fusion-one-third\" style=\"width:33.333333333333%;width:calc(33.333333333333% - ( ( 4% + 4% ) * 0.33333333333333 ) );margin-right: 4%;margin-top:0px;margin-bottom:20px;\"><div class=\"fusion-column-wrapper fusion-flex-column-wrapper-legacy\" style=\"background-position:left top;background-repeat:no-repeat;-webkit-background-size:cover;-moz-background-size:cover;-o-background-size:cover;background-size:cover;padding: 0px 0px 0px 0px;\"><div class=\"imageframe-align-center\"><span class=\" fusion-imageframe imageframe-glow imageframe-5 hover-type-zoomin fusion-animated\" style=\"border:50px solid #ffffff;-webkit-box-shadow: 0 0 3px rgba(0,0,0,0.3);box-shadow: 0 0 3px rgba(0,0,0,0.3);\" data-animationType=\"bounceInLeft\" data-animationDuration=\"0.3\" data-animationOffset=\"top-into-view\"><img decoding=\"async\" width=\"400\" height=\"200\" title=\"bus\" src=\"https:\/\/apartment-piran.com\/\/wp-content\/uploads\/2018\/05\/bus-1-400x200.jpg\" alt class=\"img-responsive wp-image-709\" srcset=\"https:\/\/apartment-piran.com\/wp-content\/uploads\/2018\/05\/bus-1-200x100.jpg 200w, https:\/\/apartment-piran.com\/wp-content\/uploads\/2018\/05\/bus-1-400x200.jpg 400w, https:\/\/apartment-piran.com\/wp-content\/uploads\/2018\/05\/bus-1.jpg 500w\" sizes=\"(max-width: 800px) 100vw, 400px\" \/><\/span><\/div><div class=\"fusion-text fusion-text-10\"><p>La stazione degli autobus di Pirano offre collegamenti con tutte le citt\u00e0 della Slovenia. Il sito web della ditta Arriva ha tutte le informazioni sugli orari e prezzi.<\/p>\n<\/div><div class=\"fusion-clearfix\"><\/div><\/div><\/div><div class=\"fusion-layout-column fusion_builder_column fusion-builder-column-10 fusion_builder_column_1_3 1_3 fusion-one-third fusion-column-last\" style=\"width:33.333333333333%;width:calc(33.333333333333% - ( ( 4% + 4% ) * 0.33333333333333 ) );margin-top:0px;margin-bottom:20px;\"><div class=\"fusion-column-wrapper fusion-flex-column-wrapper-legacy\" style=\"background-position:left top;background-repeat:no-repeat;-webkit-background-size:cover;-moz-background-size:cover;-o-background-size:cover;background-size:cover;padding: 0px 0px 0px 0px;\"><div class=\"imageframe-align-center\"><span class=\" fusion-imageframe imageframe-glow imageframe-6 hover-type-zoomin fusion-animated\" style=\"border:50px solid #ffffff;-webkit-box-shadow: 0 0 3px rgba(0,0,0,0.3);box-shadow: 0 0 3px rgba(0,0,0,0.3);\" data-animationType=\"bounceInLeft\" data-animationDuration=\"0.3\" data-animationOffset=\"top-into-view\"><img decoding=\"async\" width=\"400\" height=\"200\" title=\"taxi\" src=\"https:\/\/apartment-piran.com\/\/wp-content\/uploads\/2018\/05\/taxi-1-400x200.jpg\" alt class=\"img-responsive wp-image-681\" srcset=\"https:\/\/apartment-piran.com\/wp-content\/uploads\/2018\/05\/taxi-1-200x100.jpg 200w, https:\/\/apartment-piran.com\/wp-content\/uploads\/2018\/05\/taxi-1-400x200.jpg 400w, https:\/\/apartment-piran.com\/wp-content\/uploads\/2018\/05\/taxi-1.jpg 500w\" sizes=\"(max-width: 800px) 100vw, 400px\" \/><\/span><\/div><div class=\"fusion-text fusion-text-11\"><p>C&#8217;\u00e8 una fermata TAXI vicino a Piazza Tartini. Consigliamo di noleggiare un taxi per distanze brevi, poich\u00e9 i prezzi aumentano rapidamente ad ogni chilometro fatto.<\/p>\n<\/div><div class=\"fusion-clearfix\"><\/div><\/div><\/div><div class=\"fusion-layout-column fusion_builder_column fusion-builder-column-11 fusion_builder_column_1_1 1_1 fusion-one-full fusion-column-first fusion-column-last\" style=\"margin-top:0px;margin-bottom:20px;\"><div class=\"fusion-column-wrapper fusion-flex-column-wrapper-legacy\" style=\"background-position:left top;background-repeat:no-repeat;-webkit-background-size:cover;-moz-background-size:cover;-o-background-size:cover;background-size:cover;padding: 0px 0px 0px 0px;\"><div class=\"fusion-sep-clear\"><\/div><div class=\"fusion-separator fusion-full-width-sep\" style=\"margin-left: auto;margin-right: auto;width:100%;\"><div class=\"fusion-separator-border sep-single sep-solid\" style=\"border-color:#e0dede;border-top-width:1px;\"><\/div><\/div><div class=\"fusion-sep-clear\"><\/div><div class=\"fusion-clearfix\"><\/div><\/div><\/div><\/div><\/div><div class=\"fusion-fullwidth fullwidth-box fusion-builder-row-4 nonhundred-percent-fullwidth non-hundred-percent-height-scrolling\" style=\"background-color: rgba(255,255,255,0);background-position: center center;background-repeat: no-repeat;padding-top:0px;padding-right:0px;padding-bottom:0px;padding-left:0px;margin-bottom: 0px;margin-top: 0px;border-width: 0px 0px 0px 0px;border-color:#eae9e9;border-style:solid;\" ><div class=\"fusion-builder-row fusion-row\"><div class=\"fusion-layout-column fusion_builder_column fusion-builder-column-12 fusion_builder_column_1_3 1_3 fusion-one-third fusion-column-first\" style=\"width:33.333333333333%;width:calc(33.333333333333% - ( ( 4% + 4% ) * 0.33333333333333 ) );margin-right: 4%;margin-top:0px;margin-bottom:20px;\"><div class=\"fusion-column-wrapper fusion-flex-column-wrapper-legacy\" style=\"background-position:left top;background-repeat:no-repeat;-webkit-background-size:cover;-moz-background-size:cover;-o-background-size:cover;background-size:cover;padding: 0px 0px 0px 0px;\"><div class=\"imageframe-align-center\"><span class=\" fusion-imageframe imageframe-glow imageframe-7 hover-type-zoomin fusion-animated\" style=\"border:50px solid #ffffff;-webkit-box-shadow: 0 0 3px rgba(0,0,0,0.3);box-shadow: 0 0 3px rgba(0,0,0,0.3);\" data-animationType=\"bounceInLeft\" data-animationDuration=\"0.3\" data-animationOffset=\"top-into-view\"><img decoding=\"async\" width=\"400\" height=\"201\" title=\"parking\" src=\"https:\/\/apartment-piran.com\/\/wp-content\/uploads\/2018\/05\/parking-400x201.jpg\" alt class=\"img-responsive wp-image-733\" srcset=\"https:\/\/apartment-piran.com\/wp-content\/uploads\/2018\/05\/parking-200x100.jpg 200w, https:\/\/apartment-piran.com\/wp-content\/uploads\/2018\/05\/parking-400x201.jpg 400w, https:\/\/apartment-piran.com\/wp-content\/uploads\/2018\/05\/parking.jpg 500w\" sizes=\"(max-width: 800px) 100vw, 400px\" \/><\/span><\/div><div class=\"fusion-clearfix\"><\/div><\/div><\/div><div class=\"fusion-layout-column fusion_builder_column fusion-builder-column-13 fusion_builder_column_1_3 1_3 fusion-one-third\" style=\"width:33.333333333333%;width:calc(33.333333333333% - ( ( 4% + 4% ) * 0.33333333333333 ) );margin-right: 4%;margin-top:0px;margin-bottom:20px;\"><div class=\"fusion-column-wrapper fusion-flex-column-wrapper-legacy\" style=\"background-position:left top;background-repeat:no-repeat;-webkit-background-size:cover;-moz-background-size:cover;-o-background-size:cover;background-size:cover;padding: 0px 0px 0px 0px;\"><div class=\"fusion-text fusion-text-12\"><p>Pirano \u00e8 una vecchia citt\u00e0 storica, costruita molto prima dell&#8217;invasione automobilistica di questo pianeta. Siamo lieti di informare i visitatori che la nostra autorit\u00e0 locale ha sfidato con successo i tempi moderni e ha limitato l&#8217;accesso in auto alla citt\u00e0.<\/p>\n<\/div><div class=\"fusion-text fusion-text-13\"><p>I visitatori possono entrare a Pirano solo per un breve periodo, ma non gratuitamente. Con l&#8217;eccezione di luglio e agosto, i visitatori hanno 15 minuti di ingresso gratuito, dopo ogni ora costa \u20ac 3 (a luglio e agosto ogni ora di inizio \u00e8 di \u20ac 5 senza ingresso gratuito di 15 minuti). Potete consultare i prezzi alla entrata in citt\u00e0.<\/p>\n<\/div><div class=\"fusion-text fusion-text-14\"><p>I 15 minuti ti consentono di trasportare i bagagli negli appartamenti e di spostare il veicolo in una delle due case del garage.<\/p>\n<\/div><div class=\"fusion-clearfix\"><\/div><\/div><\/div><div class=\"fusion-layout-column fusion_builder_column fusion-builder-column-14 fusion_builder_column_1_3 1_3 fusion-one-third fusion-column-last\" style=\"width:33.333333333333%;width:calc(33.333333333333% - ( ( 4% + 4% ) * 0.33333333333333 ) );margin-top:0px;margin-bottom:20px;\"><div class=\"fusion-column-wrapper fusion-flex-column-wrapper-legacy\" style=\"background-position:left top;background-repeat:no-repeat;-webkit-background-size:cover;-moz-background-size:cover;-o-background-size:cover;background-size:cover;padding: 0px 0px 0px 0px;\"><div class=\"fusion-text fusion-text-15\"><h3><span style=\"color: #0000ff;\">PARCHEGGIO &#8220;AMFORA&#8221;<\/span><\/h3>\n<p>si trova sulla strada principale per l&#8217;ingresso di Pirano. Il prezzo \u00e8 di \u20ac 19 per 24 ore e offre un servizio navetta gratuito tra il garage e Piazza Tartini.<\/p>\n<\/div><div class=\"fusion-text fusion-text-16\"><h3><span style=\"color: #0000ff;\">PARCHEGGIO &#8220;ARZE&#8221;<\/span><\/h3>\n<p>Situato su una collina sopra Pirano vicino al cimitero della citt\u00e0, costa \u20ac 12 ogni 24 ore, offrendo un&#8217;opzione di parcheggio pi\u00f9 economica. C&#8217;\u00e8 una breve passeggiata lungo il ripido pendio pavimentato dal veicolo al centro citt\u00e0 e offre una buona ricreazione mentre si cammina in salita verso il veicolo.<\/p>\n<\/div><div class=\"fusion-clearfix\"><\/div><\/div><\/div><div class=\"fusion-layout-column fusion_builder_column fusion-builder-column-15 fusion_builder_column_1_1 1_1 fusion-one-full fusion-column-first fusion-column-last\" style=\"margin-top:0px;margin-bottom:20px;\"><div class=\"fusion-column-wrapper fusion-flex-column-wrapper-legacy\" style=\"background-position:left top;background-repeat:no-repeat;-webkit-background-size:cover;-moz-background-size:cover;-o-background-size:cover;background-size:cover;padding: 0px 0px 0px 0px;\"><div class=\"fusion-sep-clear\"><\/div><div class=\"fusion-separator fusion-full-width-sep\" style=\"margin-left: auto;margin-right: auto;width:100%;\"><div class=\"fusion-separator-border sep-single sep-solid\" style=\"border-color:#e0dede;border-top-width:1px;\"><\/div><\/div><div class=\"fusion-sep-clear\"><\/div><div class=\"fusion-clearfix\"><\/div><\/div><\/div><\/div><\/div><\/p>\n","protected":false},"excerpt":{"rendered":"","protected":false},"author":1,"featured_media":0,"parent":0,"menu_order":0,"comment_status":"closed","ping_status":"closed","template":"","meta":{"footnotes":""},"class_list":["post-2675","page","type-page","status-publish","hentry"],"yoast_head":"<!-- This site is optimized with the Yoast SEO plugin v27.5 - https:\/\/yoast.com\/product\/yoast-seo-wordpress\/ -->\n<title>Da e per Pirano - Topline Apartments Piran<\/title>\n<meta name=\"robots\" content=\"index, follow, max-snippet:-1, max-image-preview:large, max-video-preview:-1\" \/>\n<link rel=\"canonical\" href=\"https:\/\/apartment-piran.com\/it\/da-e-per-pirano\/\" \/>\n<meta property=\"og:locale\" content=\"it_IT\" \/>\n<meta property=\"og:type\" content=\"article\" \/>\n<meta property=\"og:title\" content=\"Da e per Pirano - Topline Apartments Piran\" \/>\n<meta property=\"og:url\" content=\"https:\/\/apartment-piran.com\/it\/da-e-per-pirano\/\" \/>\n<meta property=\"og:site_name\" content=\"Topline Apartments Piran\" \/>\n<meta property=\"article:modified_time\" content=\"2020-05-20T08:38:49+00:00\" \/>\n<meta name=\"twitter:card\" content=\"summary_large_image\" \/>\n<meta name=\"twitter:label1\" content=\"Tempo di lettura stimato\" \/>\n\t<meta name=\"twitter:data1\" content=\"18 minuti\" \/>\n<script type=\"application\/ld+json\" class=\"yoast-schema-graph\">{\"@context\":\"https:\\\/\\\/schema.org\",\"@graph\":[{\"@type\":\"WebPage\",\"@id\":\"https:\\\/\\\/apartment-piran.com\\\/it\\\/da-e-per-pirano\\\/\",\"url\":\"https:\\\/\\\/apartment-piran.com\\\/it\\\/da-e-per-pirano\\\/\",\"name\":\"Da e per Pirano - Topline Apartments Piran\",\"isPartOf\":{\"@id\":\"https:\\\/\\\/apartment-piran.com\\\/#website\"},\"datePublished\":\"2020-03-25T08:49:05+00:00\",\"dateModified\":\"2020-05-20T08:38:49+00:00\",\"breadcrumb\":{\"@id\":\"https:\\\/\\\/apartment-piran.com\\\/it\\\/da-e-per-pirano\\\/#breadcrumb\"},\"inLanguage\":\"it-IT\",\"potentialAction\":[{\"@type\":\"ReadAction\",\"target\":[\"https:\\\/\\\/apartment-piran.com\\\/it\\\/da-e-per-pirano\\\/\"]}]},{\"@type\":\"BreadcrumbList\",\"@id\":\"https:\\\/\\\/apartment-piran.com\\\/it\\\/da-e-per-pirano\\\/#breadcrumb\",\"itemListElement\":[{\"@type\":\"ListItem\",\"position\":1,\"name\":\"Home\",\"item\":\"https:\\\/\\\/apartment-piran.com\\\/it\\\/\"},{\"@type\":\"ListItem\",\"position\":2,\"name\":\"Da e per Pirano\"}]},{\"@type\":\"WebSite\",\"@id\":\"https:\\\/\\\/apartment-piran.com\\\/#website\",\"url\":\"https:\\\/\\\/apartment-piran.com\\\/\",\"name\":\"Topline Apartments Piran\",\"description\":\"Private accomodation apartments in Piran, Slovenia\",\"potentialAction\":[{\"@type\":\"SearchAction\",\"target\":{\"@type\":\"EntryPoint\",\"urlTemplate\":\"https:\\\/\\\/apartment-piran.com\\\/?s={search_term_string}\"},\"query-input\":{\"@type\":\"PropertyValueSpecification\",\"valueRequired\":true,\"valueName\":\"search_term_string\"}}],\"inLanguage\":\"it-IT\"}]}<\/script>\n<!-- \/ Yoast SEO plugin. -->","yoast_head_json":{"title":"Da e per Pirano - Topline Apartments Piran","robots":{"index":"index","follow":"follow","max-snippet":"max-snippet:-1","max-image-preview":"max-image-preview:large","max-video-preview":"max-video-preview:-1"},"canonical":"https:\/\/apartment-piran.com\/it\/da-e-per-pirano\/","og_locale":"it_IT","og_type":"article","og_title":"Da e per Pirano - Topline Apartments Piran","og_url":"https:\/\/apartment-piran.com\/it\/da-e-per-pirano\/","og_site_name":"Topline Apartments Piran","article_modified_time":"2020-05-20T08:38:49+00:00","twitter_card":"summary_large_image","twitter_misc":{"Tempo di lettura stimato":"18 minuti"},"schema":{"@context":"https:\/\/schema.org","@graph":[{"@type":"WebPage","@id":"https:\/\/apartment-piran.com\/it\/da-e-per-pirano\/","url":"https:\/\/apartment-piran.com\/it\/da-e-per-pirano\/","name":"Da e per Pirano - Topline Apartments Piran","isPartOf":{"@id":"https:\/\/apartment-piran.com\/#website"},"datePublished":"2020-03-25T08:49:05+00:00","dateModified":"2020-05-20T08:38:49+00:00","breadcrumb":{"@id":"https:\/\/apartment-piran.com\/it\/da-e-per-pirano\/#breadcrumb"},"inLanguage":"it-IT","potentialAction":[{"@type":"ReadAction","target":["https:\/\/apartment-piran.com\/it\/da-e-per-pirano\/"]}]},{"@type":"BreadcrumbList","@id":"https:\/\/apartment-piran.com\/it\/da-e-per-pirano\/#breadcrumb","itemListElement":[{"@type":"ListItem","position":1,"name":"Home","item":"https:\/\/apartment-piran.com\/it\/"},{"@type":"ListItem","position":2,"name":"Da e per Pirano"}]},{"@type":"WebSite","@id":"https:\/\/apartment-piran.com\/#website","url":"https:\/\/apartment-piran.com\/","name":"Topline Apartments Piran","description":"Private accomodation apartments in Piran, Slovenia","potentialAction":[{"@type":"SearchAction","target":{"@type":"EntryPoint","urlTemplate":"https:\/\/apartment-piran.com\/?s={search_term_string}"},"query-input":{"@type":"PropertyValueSpecification","valueRequired":true,"valueName":"search_term_string"}}],"inLanguage":"it-IT"}]}},"_links":{"self":[{"href":"https:\/\/apartment-piran.com\/it\/wp-json\/wp\/v2\/pages\/2675","targetHints":{"allow":["GET"]}}],"collection":[{"href":"https:\/\/apartment-piran.com\/it\/wp-json\/wp\/v2\/pages"}],"about":[{"href":"https:\/\/apartment-piran.com\/it\/wp-json\/wp\/v2\/types\/page"}],"author":[{"embeddable":true,"href":"https:\/\/apartment-piran.com\/it\/wp-json\/wp\/v2\/users\/1"}],"replies":[{"embeddable":true,"href":"https:\/\/apartment-piran.com\/it\/wp-json\/wp\/v2\/comments?post=2675"}],"version-history":[{"count":12,"href":"https:\/\/apartment-piran.com\/it\/wp-json\/wp\/v2\/pages\/2675\/revisions"}],"predecessor-version":[{"id":3010,"href":"https:\/\/apartment-piran.com\/it\/wp-json\/wp\/v2\/pages\/2675\/revisions\/3010"}],"wp:attachment":[{"href":"https:\/\/apartment-piran.com\/it\/wp-json\/wp\/v2\/media?parent=2675"}],"curies":[{"name":"wp","href":"https:\/\/api.w.org\/{rel}","templated":true}]}}